{"id":1443,"date":"2021-02-26T19:30:18","date_gmt":"2021-02-27T01:30:18","guid":{"rendered":"https:\/\/cedesyd.usac.edu.gt\/?page_id=1443"},"modified":"2024-02-13T11:15:08","modified_gmt":"2024-02-13T17:15:08","slug":"nuestro-equipo-de-trabajo","status":"publish","type":"page","link":"https:\/\/cedesyd.usac.edu.gt\/index.php\/nosotros\/nuestro-equipo-de-trabajo\/","title":{"rendered":"Nuestro equipo de trabajo"},"content":{"rendered":"\n<div class=\"wp-block-columns is-layout-flex wp-container-core-columns-is-layout-1 wp-block-columns-is-layout-flex\">\n<div class=\"wp-block-column is-layout-flow wp-block-column-is-layout-flow\" style=\"flex-basis:100%\">\n<div class=\"wp-block-media-text alignwide is-stacked-on-mobile is-vertically-aligned-center has-white-color has-text-color has-background\" style=\"background-color:#131d30;grid-template-columns:25% auto\"><figure class=\"wp-block-media-text__media\"><img loading=\"lazy\" decoding=\"async\" width=\"591\" height=\"856\" src=\"https:\/\/cedesyd.usac.edu.gt\/wp-content\/uploads\/2021\/02\/Ing.-Kevin-nufio-final.jpg\" alt=\"\" class=\"wp-image-1460 size-full\" srcset=\"https:\/\/cedesyd.usac.edu.gt\/wp-content\/uploads\/2021\/02\/Ing.-Kevin-nufio-final.jpg 591w, https:\/\/cedesyd.usac.edu.gt\/wp-content\/uploads\/2021\/02\/Ing.-Kevin-nufio-final-207x300.jpg 207w\" sizes=\"auto, (max-width: 591px) 100vw, 591px\" \/><\/figure><div class=\"wp-block-media-text__content\">\n<div class=\"wp-block-group\"><div class=\"wp-block-group__inner-container is-layout-flow wp-block-group-is-layout-flow\">\n<h1 class=\"wp-block-heading has-white-color has-text-color\"><strong>Msc. Ing. Agr\u00f3nomo Kevin Waldemar Nufio Mart\u00ednez<\/strong><\/h1>\n\n\n\n<h3 class=\"wp-block-heading has-white-color has-text-color\"><em>Jefe del CEDESYD<\/em><\/h3>\n<\/div><\/div>\n<\/div><\/div>\n<\/div>\n<\/div>\n\n\n\n<div class=\"wp-block-columns is-layout-flex wp-container-core-columns-is-layout-2 wp-block-columns-is-layout-flex\">\n<div class=\"wp-block-column is-layout-flow wp-block-column-is-layout-flow\" style=\"flex-basis:100%\">\n<p class=\"has-cyan-bluish-gray-background-color has-background\">Mi nombre es Kevin Nufio, Maestro en Geom\u00e1tica, Ingeniero Agr\u00f3nomo con estudios en manejo de Recursos Naturales Renovables, especialista en sistemas de informaci\u00f3n geogr\u00e1ficos, 8 a\u00f1os de experiencia en Gesti\u00f3n de Riesgo, consultor nacional de estudios de habitabilidad y emplazamientos de proyectos en \u00e1reas de riesgo, experto en modelaci\u00f3n de escenarios de riesgo, s\u00edsmico, geol\u00f3gico e hidrometereol\u00f3gico, experiencia de 5 a\u00f1os en manejo de drones e interpretaci\u00f3n de informaci\u00f3n fotogram\u00e9trica.<\/p>\n\n\n\n<hr class=\"wp-block-separator has-css-opacity is-style-wide\"\/>\n\n\n\n<div class=\"wp-block-media-text alignwide is-stacked-on-mobile is-vertically-aligned-center has-white-color has-text-color has-background\" style=\"background-color:#131d30;grid-template-columns:24% auto\"><figure class=\"wp-block-media-text__media\"><img loading=\"lazy\" decoding=\"async\" width=\"591\" height=\"856\" src=\"https:\/\/cedesyd.usac.edu.gt\/wp-content\/uploads\/2021\/02\/Arq.-Axel-Velasquez.jpg\" alt=\"\" class=\"wp-image-1465 size-full\" srcset=\"https:\/\/cedesyd.usac.edu.gt\/wp-content\/uploads\/2021\/02\/Arq.-Axel-Velasquez.jpg 591w, https:\/\/cedesyd.usac.edu.gt\/wp-content\/uploads\/2021\/02\/Arq.-Axel-Velasquez-207x300.jpg 207w\" sizes=\"auto, (max-width: 591px) 100vw, 591px\" \/><\/figure><div class=\"wp-block-media-text__content\">\n<div class=\"wp-block-group\"><div class=\"wp-block-group__inner-container is-layout-flow wp-block-group-is-layout-flow\">\n<h1 class=\"wp-block-heading has-white-color has-text-color\"><strong>MSc. Arq. Axel Estuardo Vel\u00e1squez Rayo<\/strong><\/h1>\n\n\n\n<h2 class=\"wp-block-heading has-white-color has-text-color\"><em><strong><sub>Profesional del \u00c1rea de An\u00e1lisis e Investigaci\u00f3n <\/sub><\/strong><\/em><\/h2>\n\n\n\n<h2 class=\"wp-block-heading has-white-color has-text-color\"><em><strong><sub>CEDESYD<\/sub><\/strong><\/em><\/h2>\n<\/div><\/div>\n\n\n\n<p><\/p>\n<\/div><\/div>\n\n\n\n<p class=\"has-cyan-bluish-gray-background-color has-background\">Mi nombre es Axel Estuardo Vel\u00e1squez Rayo, Soy arquitecto de profesi\u00f3n, egresado de la Universidad de San Carlos de Guatemala, cuento con dos Maestr\u00edas la primera en Docencia Universitaria, la segunda en Gesti\u00f3n para la Reducci\u00f3n al Riesgo a Desastres, actualmente estoy realizando mi investigaci\u00f3n final para optar al Doctorado en Arquitectura, algunos diplomados como Evaluador de Impacto Ambiental, Evaluador de Bienes e Inmuebles e Introducci\u00f3n al Catastro, Planificaci\u00f3n para el desarrollo local y ordenamiento territorial integral, me he desempe\u00f1ado durante 28 a\u00f1os como Docente titular de la Facultad de Arquitectura en el \u00e1rea de Dise\u00f1o Arquitect\u00f3nico y 13 a\u00f1os dentro del \u00e1rea de la Gesti\u00f3n para la Reducci\u00f3n al Riesgo al Desastre, habiendo laborado en el Instituto de Antropolog\u00eda e Historia, Municipalidad de Guatemala, Ministerio de Comunicaciones, Instituto de Fomento Municipal, Coordinadora Nacional para la Reducci\u00f3n al Riesgo al Desastre, Ministerio de Medio Ambiente y Finalmente en el Centro de Desarrollo Seguro y Desastres, \u00e1rea de Investigaci\u00f3n y An\u00e1lisis de Riesgo.<\/p>\n\n\n\n<hr class=\"wp-block-separator has-css-opacity is-style-wide\"\/>\n\n\n\n<div class=\"wp-block-media-text alignwide is-stacked-on-mobile has-white-color has-text-color has-background\" style=\"background-color:#131d30;grid-template-columns:23% auto\"><figure class=\"wp-block-media-text__media\"><img loading=\"lazy\" decoding=\"async\" width=\"591\" height=\"856\" src=\"https:\/\/cedesyd.usac.edu.gt\/wp-content\/uploads\/2021\/03\/fotografias.jpg\" alt=\"\" class=\"wp-image-1518 size-medium\" srcset=\"https:\/\/cedesyd.usac.edu.gt\/wp-content\/uploads\/2021\/03\/fotografias.jpg 591w, https:\/\/cedesyd.usac.edu.gt\/wp-content\/uploads\/2021\/03\/fotografias-207x300.jpg 207w\" sizes=\"auto, (max-width: 591px) 100vw, 591px\" \/><\/figure><div class=\"wp-block-media-text__content\">\n<div class=\"wp-block-group\"><div class=\"wp-block-group__inner-container is-layout-flow wp-block-group-is-layout-flow\">\n<h1 class=\"wp-block-heading has-white-color has-text-color\"><strong>Ing. Agr. Ra\u00fal Gabriel Vargas<\/strong><\/h1>\n\n\n\n<h2 class=\"wp-block-heading has-white-color has-text-color\"><em><sub>Profesional de Gesti\u00f3n y Vinculaci\u00f3n <\/sub><\/em><\/h2>\n\n\n\n<h2 class=\"wp-block-heading has-white-color has-text-color\"><em><sub>CEDESYD<\/sub><\/em><\/h2>\n<\/div><\/div>\n<\/div><\/div>\n<\/div>\n<\/div>\n\n\n\n<h3 class=\"wp-block-heading has-text-align-right\"><strong><em>\u201cEl que pone en pr\u00e1ctica la teor\u00eda que aprende, es como el hombre que edific\u00f3 su casa sobre la roca, cuando llegue la tempestad, ser\u00e1 Resiliente\u201d<\/em><\/strong><\/h3>\n\n\n\n<p class=\"has-text-align-left has-cyan-bluish-gray-background-color has-background\">Mi nombre es Ra\u00fal Gabriel Vargas Ingeniero Agr\u00f3nomo, con una especialidad en Gesti\u00f3n de Riesgo, Adaptaci\u00f3n al Cambio Clim\u00e1tico y Ecosistemas de la Facultad de Arquitectura, con 15 a\u00f1os de experiencia en la gesti\u00f3n del riesgo de desastres en universidades de Latinoam\u00e9rica, a trav\u00e9s de fomentar la creaci\u00f3n de unidades de gesti\u00f3n de riesgo universitarias, habilidad para fortalecer la organizaci\u00f3n y gobernanza del riesgo universitario, alto inter\u00e9s en la producci\u00f3n de metodolog\u00edas para la reducci\u00f3n del riesgo de desastres en aulas universitarias y facilidad para el desarrollo de herramientas tecnol\u00f3gicas y estad\u00edsticas para sistematizar informaci\u00f3n de emergencias y desastres en tiempo real, para la toma oportuna de decisiones.<\/p>\n\n\n\n<div class=\"wp-block-columns is-layout-flex wp-container-core-columns-is-layout-3 wp-block-columns-is-layout-flex\">\n<div class=\"wp-block-column is-layout-flow wp-block-column-is-layout-flow\" style=\"flex-basis:100%\">\n<hr class=\"wp-block-separator has-css-opacity is-style-wide\"\/>\n\n\n\n<div class=\"wp-block-media-text alignwide is-stacked-on-mobile has-white-color has-text-color has-background\" style=\"background-color:#131d30;grid-template-columns:23% auto\"><figure class=\"wp-block-media-text__media\"><img loading=\"lazy\" decoding=\"async\" width=\"591\" height=\"856\" src=\"https:\/\/cedesyd.usac.edu.gt\/wp-content\/uploads\/2021\/02\/Arq.-Mauro-Molina-final.jpg\" alt=\"\" class=\"wp-image-1455 size-full\" srcset=\"https:\/\/cedesyd.usac.edu.gt\/wp-content\/uploads\/2021\/02\/Arq.-Mauro-Molina-final.jpg 591w, https:\/\/cedesyd.usac.edu.gt\/wp-content\/uploads\/2021\/02\/Arq.-Mauro-Molina-final-207x300.jpg 207w\" sizes=\"auto, (max-width: 591px) 100vw, 591px\" \/><\/figure><div class=\"wp-block-media-text__content\">\n<div class=\"wp-block-group\"><div class=\"wp-block-group__inner-container is-layout-flow wp-block-group-is-layout-flow\">\n<h1 class=\"wp-block-heading has-white-color has-text-color\"><strong>MSc.<\/strong> <strong>Arq.  Mauro Marvin Molina <\/strong><\/h1>\n\n\n\n<h2 class=\"wp-block-heading has-white-color has-text-color\"><em><strong><sub>Profesional del \u00c1rea de An\u00e1lisis e Investigaci\u00f3n<\/sub><\/strong><\/em><\/h2>\n\n\n\n<h2 class=\"wp-block-heading has-white-color has-text-color\"><em><strong><sub>CEDESYD<\/sub><\/strong><\/em><\/h2>\n<\/div><\/div>\n\n\n\n<p><\/p>\n<\/div><\/div>\n<\/div>\n<\/div>\n\n\n\n<p class=\"has-cyan-bluish-gray-background-color has-background\">Mi nombre es Mauro Molina   Arquitecto egresado de la Universidad de San Carlos de Guatemala maestro en  Gesti\u00f3n del Riesgo de Desastres, me he desarrollado por m\u00e1s  de 9 a\u00f1os en la tem\u00e1tica de Gesti\u00f3n del Riesgo de Desastres desde el campo de acci\u00f3n de la Arquitectura. he tenido la oportunidad de formarme acad\u00e9micamente en el extranjero por medio de becas internacionales donde se han aplicado los conocimientos adquiridos a lo largo de los a\u00f1os y me he especializado en las tem\u00e1tica de  preparaci\u00f3n, recuperaci\u00f3n, rehabilitaci\u00f3n y reconstrucci\u00f3n a nivel local y de otros pa\u00edses.<\/p>\n\n\n\n<div class=\"wp-block-columns is-layout-flex wp-container-core-columns-is-layout-4 wp-block-columns-is-layout-flex\">\n<div class=\"wp-block-column is-layout-flow wp-block-column-is-layout-flow\" style=\"flex-basis:100%\">\n<div class=\"wp-block-media-text alignwide is-stacked-on-mobile has-white-color has-text-color has-background\" style=\"background-color:#131d30;grid-template-columns:25% auto\"><figure class=\"wp-block-media-text__media\"><img loading=\"lazy\" decoding=\"async\" width=\"591\" height=\"856\" src=\"https:\/\/cedesyd.usac.edu.gt\/wp-content\/uploads\/2021\/03\/Licda-Marysabel-Scaglia-3.jpg\" alt=\"\" class=\"wp-image-1484 size-full\" srcset=\"https:\/\/cedesyd.usac.edu.gt\/wp-content\/uploads\/2021\/03\/Licda-Marysabel-Scaglia-3.jpg 591w, https:\/\/cedesyd.usac.edu.gt\/wp-content\/uploads\/2021\/03\/Licda-Marysabel-Scaglia-3-207x300.jpg 207w\" sizes=\"auto, (max-width: 591px) 100vw, 591px\" \/><\/figure><div class=\"wp-block-media-text__content\">\n<div class=\"wp-block-group\"><div class=\"wp-block-group__inner-container is-layout-flow wp-block-group-is-layout-flow\">\n<h1 class=\"wp-block-heading has-white-color has-text-color\"><strong>MSc.<\/strong> <strong>Marysabel Scaglia <\/strong><\/h1>\n\n\n\n<h2 class=\"wp-block-heading has-white-color has-text-color\"><em><strong><sub>Profesional del \u00c1rea de formaci\u00f3n y Asistencia<\/sub><\/strong><\/em><\/h2>\n\n\n\n<h2 class=\"wp-block-heading has-white-color has-text-color\"><em><strong><sub>CEDESYD<\/sub><\/strong><\/em><\/h2>\n<\/div><\/div>\n\n\n\n<p><\/p>\n<\/div><\/div>\n<\/div>\n<\/div>\n\n\n\n<p class=\"has-black-color has-cyan-bluish-gray-background-color has-text-color has-background\">Mi nombre es Marysabel Scaglia Mart\u00ednez, tengo una maestr\u00eda en Gesti\u00f3n para la Reducci\u00f3n del Riesgo de Desastres y una  Licenciatura en Psicolog\u00eda General por la Universidad de San Carlos de Guatemala, entre mi formaci\u00f3n acad\u00e9mica sobre sale la tem\u00e1tica de Salud y Seguridad Ocupacional, Evaluaci\u00f3n de Impacto Ambiental, as\u00ed como expertis en   Primeros Auxilios Psicol\u00f3gicos y mh Gap avalados por la Organizaci\u00f3n Panamericana de la Salud y certificado por de Psychological Firt Aid, por la Universidad de Johns Hopkins.<\/p>\n\n\n\n<hr class=\"wp-block-separator has-css-opacity is-style-wide\"\/>\n\n\n\n<div class=\"wp-block-columns is-layout-flex wp-container-core-columns-is-layout-5 wp-block-columns-is-layout-flex\">\n<div class=\"wp-block-column is-layout-flow wp-block-column-is-layout-flow\" style=\"flex-basis:100%\">\n<div class=\"wp-block-media-text alignwide is-stacked-on-mobile has-background\" style=\"background-color:#131d30;grid-template-columns:26% auto\"><figure class=\"wp-block-media-text__media\"><img loading=\"lazy\" decoding=\"async\" width=\"591\" height=\"856\" src=\"https:\/\/cedesyd.usac.edu.gt\/wp-content\/uploads\/2021\/03\/Inga-Silvia-Ramirez.jpg\" alt=\"\" class=\"wp-image-1489 size-full\" srcset=\"https:\/\/cedesyd.usac.edu.gt\/wp-content\/uploads\/2021\/03\/Inga-Silvia-Ramirez.jpg 591w, https:\/\/cedesyd.usac.edu.gt\/wp-content\/uploads\/2021\/03\/Inga-Silvia-Ramirez-207x300.jpg 207w\" sizes=\"auto, (max-width: 591px) 100vw, 591px\" \/><\/figure><div class=\"wp-block-media-text__content\">\n<div class=\"wp-block-group\"><div class=\"wp-block-group__inner-container is-layout-flow wp-block-group-is-layout-flow\">\n<h1 class=\"wp-block-heading has-white-color has-text-color\"><strong>Inga. Silvia Ram\u00edrez <\/strong><\/h1>\n\n\n\n<h2 class=\"wp-block-heading has-white-color has-text-color\"><em><strong><sub>Profesional del \u00c1rea de formaci\u00f3n y Asistencia<\/sub><\/strong><\/em><\/h2>\n\n\n\n<h2 class=\"wp-block-heading has-white-color has-text-color\"><em><strong><sub>CEDESYD<\/sub><\/strong><\/em><\/h2>\n<\/div><\/div>\n<\/div><\/div>\n<\/div>\n<\/div>\n\n\n\n<p class=\"has-black-color has-cyan-bluish-gray-background-color has-text-color has-background\">Mi nombre es Silvia Ram\u00edrez Ingeniera Industrial graduada de la Facultad de Ingenier\u00eda de la Universidad de San Carlos de Guatemala, estudios en Coaching y Liderazgo Educativo en la Universidad Del Valle <ins>&nbsp;de Guatemala<\/ins>, con 5 a\u00f1os de experiencia en Gesti\u00f3n del Riesgo de desastres, capacitadora, motivadora y docente de la Facultad de Ingenier\u00eda, amplia experiencia en el \u00e1rea de planificaci\u00f3n, seguimiento a metas y evaluaci\u00f3n.<\/p>\n\n\n\n<hr class=\"wp-block-separator has-css-opacity is-style-wide\"\/>\n\n\n\n<div class=\"wp-block-columns is-layout-flex wp-container-core-columns-is-layout-6 wp-block-columns-is-layout-flex\">\n<div class=\"wp-block-column is-layout-flow wp-block-column-is-layout-flow\" style=\"flex-basis:100%\">\n<div class=\"wp-block-media-text alignwide is-stacked-on-mobile has-background\" style=\"background-color:#131d30;grid-template-columns:27% auto\"><figure class=\"wp-block-media-text__media\"><img loading=\"lazy\" decoding=\"async\" width=\"591\" height=\"856\" src=\"https:\/\/cedesyd.usac.edu.gt\/wp-content\/uploads\/2021\/03\/Mtro.Hugo-Arbizu.jpg\" alt=\"\" class=\"wp-image-1492 size-full\" srcset=\"https:\/\/cedesyd.usac.edu.gt\/wp-content\/uploads\/2021\/03\/Mtro.Hugo-Arbizu.jpg 591w, https:\/\/cedesyd.usac.edu.gt\/wp-content\/uploads\/2021\/03\/Mtro.Hugo-Arbizu-207x300.jpg 207w\" sizes=\"auto, (max-width: 591px) 100vw, 591px\" \/><\/figure><div class=\"wp-block-media-text__content\">\n<div class=\"wp-block-group\"><div class=\"wp-block-group__inner-container is-layout-flow wp-block-group-is-layout-flow\">\n<h1 class=\"wp-block-heading has-white-color has-text-color\"><strong>Mtro. Hugo David Arbiz\u00fa Arrecis<\/strong><\/h1>\n\n\n\n<h2 class=\"wp-block-heading has-white-color has-text-color\"><em><strong><sub>Profesional del \u00c1rea de Comunicaci\u00f3n y Divulgaci\u00f3n<\/sub><\/strong><\/em><\/h2>\n\n\n\n<h2 class=\"wp-block-heading has-white-color has-text-color\"><em><strong><sub>CEDESYD<\/sub><\/strong><\/em><\/h2>\n\n\n\n<p class=\"has-large-font-size\"><\/p>\n<\/div><\/div>\n<\/div><\/div>\n<\/div>\n<\/div>\n\n\n\n<h3 class=\"wp-block-heading has-text-align-right\"><em><strong>&#8220;Todo lo que hacemos comunica&#8221;<\/strong><\/em><\/h3>\n\n\n\n<p class=\"has-black-color has-cyan-bluish-gray-background-color has-text-color has-background\">Mi nombre es Hugo Arbiz\u00fa,  Maestro en Comunicaci\u00f3n Estrat\u00e9gica y Opini\u00f3n P\u00fablica, Licenciado en Ciencias de la Comunicaci\u00f3n , durante 13 a\u00f1os he trabajado en la Reducci\u00f3n del Riesgo de Desastres, tengo especialidad en Gesti\u00f3n de Riesgo, Adaptaci\u00f3n al Cambio Clim\u00e1tico y Ecosistemas avalado por Facultad de Arquitectura,&nbsp; tambi\u00e9n poseo un diplomado en Educaci\u00f3n Ambiental con \u00c9nfasis&nbsp; en Cambio Clim\u00e1tico por el Ministerio de Ambiente y Recursos Naturales, he sido docente universitario y he trabajado en proyectos de  organizaci\u00f3n local comunitaria para la reducci\u00f3n del riesgo de desastres y  desarrollo comunitario. En en el transcurso de este tiempo he aprendido a integrar la Comunicaci\u00f3n y la Gesti\u00f3n del Riesgo de Desastres para salvar vidas,&nbsp; me apasiona la comunicaci\u00f3n, &nbsp;los medios digitales, la producci\u00f3n audiovisual, soy esencialmente un comunicador y &nbsp;estoy convencido que todo lo que hacemos comunica.<\/p>\n","protected":false},"excerpt":{"rendered":"<p>Msc. Ing. Agr\u00f3nomo Kevin Waldemar Nufio Mart\u00ednez Jefe del CEDESYD Mi nombre es Kevin Nufio, Maestro en Geom\u00e1tica, Ingeniero Agr\u00f3nomo con estudios en manejo de Recursos Naturales Renovables, especialista en sistemas de informaci\u00f3n geogr\u00e1ficos, 8 a\u00f1os de experiencia en Gesti\u00f3n de Riesgo, consultor nacional de estudios de habitabilidad y emplazamientos de proyectos en \u00e1reas de [&hellip;]<\/p>\n","protected":false},"author":2,"featured_media":0,"parent":33,"menu_order":3,"comment_status":"closed","ping_status":"closed","template":"","meta":{"footnotes":""},"class_list":["post-1443","page","type-page","status-publish","czr-hentry"],"_links":{"self":[{"href":"https:\/\/cedesyd.usac.edu.gt\/index.php\/wp-json\/wp\/v2\/pages\/1443","targetHints":{"allow":["GET"]}}],"collection":[{"href":"https:\/\/cedesyd.usac.edu.gt\/index.php\/wp-json\/wp\/v2\/pages"}],"about":[{"href":"https:\/\/cedesyd.usac.edu.gt\/index.php\/wp-json\/wp\/v2\/types\/page"}],"author":[{"embeddable":true,"href":"https:\/\/cedesyd.usac.edu.gt\/index.php\/wp-json\/wp\/v2\/users\/2"}],"replies":[{"embeddable":true,"href":"https:\/\/cedesyd.usac.edu.gt\/index.php\/wp-json\/wp\/v2\/comments?post=1443"}],"version-history":[{"count":48,"href":"https:\/\/cedesyd.usac.edu.gt\/index.php\/wp-json\/wp\/v2\/pages\/1443\/revisions"}],"predecessor-version":[{"id":1556,"href":"https:\/\/cedesyd.usac.edu.gt\/index.php\/wp-json\/wp\/v2\/pages\/1443\/revisions\/1556"}],"up":[{"embeddable":true,"href":"https:\/\/cedesyd.usac.edu.gt\/index.php\/wp-json\/wp\/v2\/pages\/33"}],"wp:attachment":[{"href":"https:\/\/cedesyd.usac.edu.gt\/index.php\/wp-json\/wp\/v2\/media?parent=1443"}],"curies":[{"name":"wp","href":"https:\/\/api.w.org\/{rel}","templated":true}]}}